{"id":534,"date":"2025-06-18T07:13:03","date_gmt":"2025-06-18T05:13:03","guid":{"rendered":"https:\/\/kopiveno.cyon.site\/?post_type=tribe_events&#038;p=534"},"modified":"2026-02-03T20:07:51","modified_gmt":"2026-02-03T19:07:51","slug":"ritiro-buddha-medicina-2026","status":"publish","type":"tribe_events","link":"https:\/\/studiomenla.ch\/index.php\/event\/ritiro-buddha-medicina-2026\/","title":{"rendered":"Ritiro del Buddha della Medicina &#038; mandala di sabbia"},"content":{"rendered":"<p><b>Retraite du Bouddha de la M\u00e9decine &amp; Mandala de sable<\/b><\/p>\n<p>Chers yogis et yoginis,<\/p>\n<p>Nous sommes heureux de vous annoncer notre retraite du Bouddha de la M\u00e9decine &#8211; Sangye Menla &#8211;<span class=\"Apple-converted-space\">\u00a0 <\/span>\u00e0 l&#8217;Ascension, qui aura lieu du <b>jeudi 14 mai au dimanche 17 mai 2026 <\/b>\u00e0 Bellinzone (Tessin, Suisse), <b>avec arriv\u00e9e <\/b>au plus tard le mercredi 13 mai 2026 et <b>d\u00e9part <\/b>au plus t\u00f4t le lundi 18 mai 2026. <span class=\"Apple-converted-space\">\u00a0<\/span><\/p>\n<p>Lama Karma Longdrel, du Bhoutan, cr\u00e9era un mandala de sable du Bouddha de la M\u00e9decine et donnera la transmission (Wang \u2013 initiation), la lecture du texte (Lung \u2013 transmission des mots) et les instructions (Tri &#8211; explications) pour la m\u00e9ditation du Bouddha de la M\u00e9decine. Claude Diolosa guidera la m\u00e9ditation du Bouddha de M\u00e9decine et donnera \u00e9galement des explications suppl\u00e9mentaires \u00e0 ce sujet.<span class=\"Apple-converted-space\"><br \/>\n<\/span><\/p>\n<p>Lama Karma Longdrel accordera \u00e9galement <b>la transmission compl\u00e8te de Guru Rinpoch\u00e9, Padmasambhava. <\/b>Cela rev\u00eat une signification profonde, car la pri\u00e8re en sept vers \u00e0 Guru Rinpoch\u00e9 ouvre la sadhana du Bouddha de M\u00e9decine. Dans le Vajrayana, Guru Rinpoch\u00e9 est consid\u00e9r\u00e9 comme la source m\u00eame de la b\u00e9n\u00e9diction et de la r\u00e9alisation. Par sa pratique, l\u2019esprit du pratiquant est d\u2019abord orient\u00e9, purifi\u00e9 et rendu r\u00e9ceptif \u00e0 la subtilit\u00e9 du chemin.<\/p>\n<p>Cette pratique agit simultan\u00e9ment sur plusieurs plans. Guru Rinpoch\u00e9 est reconnu comme l\u2019incarnation de tous les Bouddhas en une seule forme. En commen\u00e7ant la sadhana par son invocation, on s\u2019unit au courant ininterrompu de b\u00e9n\u00e9dictions de la lign\u00e9e. \u00c0 partir de cette connexion, la pratique du Bouddha de M\u00e9decine d\u00e9ploie toute sa puissance et sa<span class=\"Apple-converted-space\">\u00a0 <\/span>profondeur.<\/p>\n<p>Guru Rinpoch\u00e9 est particuli\u00e8rement renomm\u00e9 pour sa capacit\u00e9 \u00e0 dissoudre les obstacles int\u00e9rieurs et ext\u00e9rieurs. Avant m\u00eame de demander la gu\u00e9rison \u2014 qu\u2019elle soit corporelle ou mentale \u2014 sa pr\u00e9sence apaise les obscurcissements, les entraves karmiques et les forces perturbatrices. Ainsi se pr\u00e9pare le terrain sur lequel la gu\u00e9rison authentique peut advenir.<\/p>\n<p>La sadhana du Bouddha de M\u00e9decine est une pratique du Vajrayana, et Guru Rinpoch\u00e9 y agit comme un seuil vers la voie tantrique. Il ouvre l\u2019espace dans lequel la gu\u00e9rison n\u2019est plus seulement comprise comme un retour \u00e0 la sant\u00e9, mais comme <b>un chemin menant \u00e0 la reconnaissance de la nature v\u00e9ritable de l\u2019esprit.<\/b><\/p>\n<p><b>Le Bouddha de la M\u00e9decine<span class=\"Apple-converted-space\">\u00a0 <\/span>&#8211; Sangye Menla &#8211; et la gu\u00e9rison par la nature de l\u2019esprit<\/b><\/p>\n<p>Qui est le Bouddha de la M\u00e9decine, Sangye Menla ? Le terme <i>Sangye<\/i> renvoie \u00e0 l\u2019accomplissement de la perfection. Il se traduit par \u00ab pleinement \u00e9veill\u00e9 \u00bb, ou encore par \u00ab l\u2019\u00e9panouissement sans effort de la subjectivit\u00e9 intemporelle, cette nature de Bouddha qui demeure en chacun de nous \u00bb.<\/p>\n<p>Sangye Menla n\u2019est pas un rem\u00e8de destin\u00e9 uniquement \u00e0 apaiser les douleurs physiques et psychologiques. Il agit \u00e0 un autre niveau: il d\u00e9racine la cause m\u00eame de la souffrance, l\u2019attachement obsessionnel \u00e0 un \u201eJe\u201c, par l\u2019\u00e9coute, la r\u00e9flexion et la pratique.<span class=\"Apple-converted-space\">\u00a0<\/span><\/p>\n<p>Il ne s\u2019agit pas d\u2019une psychoth\u00e9rapie. Il n\u2019est pas question de d\u00e9placer des meubles ni de d\u00e9corer l\u2019environnement de l\u2019ego de formes, de couleurs, de sons ou de saveurs apaisantes. Il s\u2019agit de laisser s\u2019\u00e9panouir sans effort, la nature non n\u00e9e de ce que nous sommes depuis toujours, et, par cet \u00e9panouissement m\u00eame, d\u2019\u00e9radiquer la source de toute souffrance, qui est l\u2019ignorance primordiale. <span class=\"Apple-converted-space\">\u00a0<\/span><\/p>\n<p>Au cours de ce processus, les m\u00e9moires karmiques sont consum\u00e9es dans le feu de la sagesse primordiale. Nous sommes impr\u00e9gn\u00e9s de souvenirs, de concepts, de dogmes et d\u2019innombrables sch\u00e9mas qui conditionnent notre perception du monde et de nous-m\u00eames. Le libre arbitre n\u2019est alors qu\u2019une man\u0153uvre de diversion de l\u2019ego, lequel ne peut assurer sa survie que dans un mouvement ininterrompu entre le pass\u00e9 et l\u2019avenir.<span class=\"Apple-converted-space\">\u00a0<\/span><\/p>\n<p>C\u2019est pr\u00e9cis\u00e9ment l\u00e0,<span class=\"Apple-converted-space\">\u00a0 <\/span>que se manifeste la b\u00e9n\u00e9diction du Bouddha de m\u00e9decine. Sa fonction est d\u2019\u00e9radiquer la cause de la souffrance \u2014 cet attachement, cette contraction \u2014 et de permettre \u00e0 la subjectivit\u00e9 intemporelle et lumineuse de l\u2019espace et de la sagesse primordiale de s\u2019\u00e9panouir librement.<\/p>\n<p>Le Bouddha de M\u00e9decine n\u2019est pas une divinit\u00e9 ext\u00e9rieure \u00e0 nous-m\u00eames, pas plus que le but de cette voie n\u2019est de devenir bleu, assis avec un bol d\u2019aum\u00f4ne<span class=\"Apple-converted-space\">\u00a0 <\/span>dans la main gauche et tenant une plante m\u00e9dicinale dans la main droite. Sangye Menla est ce que nous sommes v\u00e9ritablement lorsque les voiles de l\u2019attachement au soi et les cha\u00eenes de cette existence ont enfin \u00e9t\u00e9 purifi\u00e9s.<\/p>\n<p>L\u2019\u00e9coute, la r\u00e9flexion et la m\u00e9ditation du Bouddha de la M\u00e9decine permettent alors l\u2019\u00e9closion des quatre qualit\u00e9s incommensurables de l\u2019esprit primordial : l\u2019\u00e9quanimit\u00e9 \u2014 ou paix profonde \u2014, l\u2019amour, la compassion et la f\u00e9licit\u00e9.<\/p>\n<p><b>D\u00e9roulement de la journ\u00e9e<\/b><\/p>\n<p><b>Du jeudi au samedi :<\/b><br \/>\n9h00 \u2013 13h00 : \u00e9ventuellement <i>puja<\/i> de feu, m\u00e9ditation du Bouddha de<span class=\"Apple-converted-space\">\u00a0 <\/span>M\u00e9decine et enseignements explicatifs, avec pauses<br \/>\n13h00 \u2013 16h00 : repas de midi pris en commun, suivi d\u2019un temps de repos<br \/>\n16h00 \u2013 18h00 : m\u00e9ditation du Bouddha de M\u00e9decine et enseignements explicatifs, avec pause<\/p>\n<p><b>Dimanche :<\/b><br \/>\nD\u00e9part vers 8h00 depuis Bellinzone, puis trajet jusqu\u2019\u00e0 Lavertezzo pour l\u2019offrande du mandala dans la rivi\u00e8re Verzasca.<br \/>\nPoursuite du trajet jusqu\u2019\u00e0 Locarno pour le repas de cl\u00f4ture de midi, pris en commun dans un restaurant au bord du lac.<\/p>\n<p>Cet horaire peut faire l&#8217;objet de l\u00e9g\u00e8res adaptations ou modifications, mais il donne une indication fid\u00e8le de la dur\u00e9e quotidienne de la pratique.<span class=\"Apple-converted-space\">\u00a0<\/span><\/p>\n<p><b>Conditions pr\u00e9alables<br \/>\n<\/b>Ces rencontres sont des moments intenses, d\u00e9di\u00e9s au partage de l\u2019intemporel. Aucune connaissance pr\u00e9alable sp\u00e9cifique n\u2019est requise pour participer \u00e0 cette retraite. En revanche, une motivation sinc\u00e8re, enracin\u00e9e dans un altruisme pur, constitue une base juste et authentique pour la pratique m\u00e9ditative et la manifestation de la claire lumi\u00e8re de l\u2019esprit primordial.<span class=\"Apple-converted-space\">\u00a0<\/span><\/p>\n<p><b>Langue d\u2019enseignement<br \/>\n<\/b>Lama Karma Longdrel et Claude Diolosa enseigneront en fran\u00e7ais. Diana Forster assurera la traduction en allemand pour l\u2019ensemble des enseignements. Il est important que tous les participants comprennent correctement le fran\u00e7ais ou l\u2019allemand. Aucune traduction suppl\u00e9mentaire en<span class=\"Apple-converted-space\">\u00a0 <\/span>italien ne pourra \u00eatre propos\u00e9e.<span class=\"Apple-converted-space\">\u00a0<\/span><\/p>\n<p><b>Lieu du cours<br \/>\n<\/b>Studio Menla<br \/>\nViale Stazione 14<br \/>\n6500 Bellinzone, Suisse<\/p>\n<p><b>Repas<br \/>\n<\/b>Trois repas de midi seront pris en commun \u00e0 Bellinzone, avec un service traiteur sur place. Un repas de midi de cl\u00f4ture aura lieu dans un restaurant \u00e0 Locarno.<br \/>\nLes d\u00eeners et les petits-d\u00e9jeuners sont organis\u00e9s librement par les participants.<\/p>\n<p><b>Mat\u00e9riel et supports de pratique<br \/>\n<\/b>Des coussins de m\u00e9ditation et des couvertures seront mis \u00e0 disposition. Vous pouvez toutefois apporter votre propre mat\u00e9riel, notamment si vous venez en voiture. Des chaises seront \u00e9galement disponibles.<br \/>\nLes textes de m\u00e9ditation seront remis aux participants au d\u00e9but de la retraite. Si vous disposez d\u00e9j\u00e0 d\u2019un texte personnel, merci de l\u2019apporter.<\/p>\n<p><b>Offrandes<br \/>\n<\/b>Pour toutes les retraites, il est recommand\u00e9 d\u2019apporter des offrandes, en particulier :<\/p>\n<ul>\n<li><b><\/b><b>Safran<\/b> : pour les bols d\u2019eau sur l\u2019autel<\/li>\n<li><b><\/b><b>Herbes m\u00e9dicinales et encens<\/b> : notamment pour la <i>puja<\/i> du feu<\/li>\n<li><b><\/b><b>Fleurs<\/b> : symbolisant la fleur de lotus, c\u2019est-\u00e0-dire l\u2019\u00e9veil<\/li>\n<li><b><\/b><b>Lumi\u00e8re<\/b> : bougies destin\u00e9es \u00e0 favoriser la clart\u00e9 de l\u2019esprit<\/li>\n<\/ul>\n<p>Les offrandes constituent un soutien essentiel pour tout m\u00e9ditant et ne doivent pas \u00eatre sous-estim\u00e9es. Il ne s\u2019agit pas d\u2019offrir ce dont on n\u2019a plus l\u2019usage \u00e0 la maison, mais bien quelque chose de pr\u00e9cieux, offert en pleine conscience.<\/p>\n<p><b>Co\u00fbt<br \/>\n<\/b>400 CHF (francs suisses), \u00e0 r\u00e9gler en esp\u00e8ces au d\u00e9but du cours.<br \/>\nLe co\u00fbt des quatre repas de midi pris en commun sera communiqu\u00e9 ult\u00e9rieurement.<\/p>\n<p><b>Inscription<br \/>\n<\/b>L\u2019inscription se fait <b>exclusivement et de mani\u00e8re contraignante<\/b> via le lien suivant :<br \/>\n<a href=\"http:\/\/eepurl.com\/jwVzqk\"><b>Retraite du Bouddha de la M\u00e9decine 2026<\/b><\/a><\/p>\n<p>Veuillez suivre l\u2019int\u00e9gralit\u00e9 de la proc\u00e9dure d\u2019inscription automatique, y compris la confirmation de votre adresse e-mail. Une confirmation d\u2019inscription vous sera automatiquement envoy\u00e9e \u00e0 l\u2019issue de cette d\u00e9marche.<\/p>\n<p><b>H\u00e9bergement<\/b><\/p>\n<ul>\n<li>H\u00f4tel Internazionale<br \/>\n<strong><a href=\"https:\/\/hotel-internazionale.ch\/de\/home-de\/\">https:\/\/hotel-internazionale.ch\/de\/home-de\/<\/a><\/strong><\/li>\n<li>Ostello Montebello \u2013 Auberge de jeunesse (particuli\u00e8rement \u00e9conomique)<br \/>\n<strong><a href=\"https:\/\/ostellomontebello.ch\/de\/homepage-deutsch\/\">https:\/\/ostellomontebello.ch\/de\/homepage-deutsch\/<\/a><\/strong><\/li>\n<li>H\u00f4tel Croce Federale<br \/>\n<strong><a href=\"https:\/\/hotelcrocefederale.ch\/\">https:\/\/hotelcrocefederale.ch\/<\/a><\/strong><\/li>\n<\/ul>\n<p>De nombreux autres h\u00e9bergements sont \u00e9galement disponibles sur des plateformes telles que <i>Booking.com<\/i> et <i>Airbnb<\/i>.<\/p>\n<p><b>Acc\u00e8s<br \/>\nA\u00e9roports :<br \/>\n<\/b>Milano Malpensa (le plus proche), Zurich<br \/>\nDepuis ces deux a\u00e9roports, il est possible de rejoindre Bellinzone en train ou de louer une voiture.<\/p>\n<p><b>Contact<br \/>\n<\/b>Pour toute question ou demande de pr\u00e9cision, vous pouvez nous contacter \u00e0 tout moment \u00e0 l\u2019adresse suivante :<strong> <a href=\"mailto:diana@studiomenla.ch\">diana@studiomenla.ch<\/a><span class=\"Apple-converted-space\">\u00a0<\/span><\/strong><\/p>\n<p>Nous vous embrassons chaleureusement et nous nous r\u00e9jouissons de vous accueillir,<br \/>\nDiana Forster (Studio Menla, Bellinzone, Suisse),<br \/>\nClaude Diolosa (Institut Avicenne, Assise, Italie),<br \/>\nLama Karma Longdrel <i>(Bhoutan)<\/i><\/p>\n<p>T\u00e9l\u00e9charger toutes les informations au format PDF : <strong><a href=\"https:\/\/studiomenla.ch\/wp-content\/uploads\/2025\/06\/Retraite-Bouddha-Medecine-2026-1.pdf\">Retraite du Bouddha da la M\u00e9decine 2026<\/a><\/strong><\/p>\n","protected":false},"excerpt":{"rendered":"<p>Retraite du Bouddha de la M\u00e9decine &amp; Mandala de sable Chers yogis et yoginis, Nous sommes heureux de vous annoncer notre retraite du Bouddha de la M\u00e9decine &#8211; Sangye Menla [&hellip;]<\/p>\n","protected":false},"author":1,"featured_media":905,"template":"","meta":{"_tribe_events_status":"","_tribe_events_status_reason":"","_tribe_events_is_hybrid":"","_tribe_events_is_virtual":"","_tribe_events_virtual_video_source":"","_tribe_events_virtual_embed_video":"","_tribe_events_virtual_linked_button_text":"","_tribe_events_virtual_linked_button":"","_tribe_events_virtual_show_embed_at":"","_tribe_events_virtual_show_embed_to":[],"_tribe_events_virtual_show_on_event":"","_tribe_events_virtual_show_on_views":"","_tribe_events_virtual_url":"","footnotes":""},"tags":[],"tribe_events_cat":[25,16],"class_list":["post-534","tribe_events","type-tribe_events","status-publish","has-post-thumbnail","hentry","tribe_events_cat-meditazione","tribe_events_cat-ritiro","cat_meditazione","cat_ritiro"],"_links":{"self":[{"href":"https:\/\/studiomenla.ch\/index.php\/wp-json\/wp\/v2\/tribe_events\/534","targetHints":{"allow":["GET"]}}],"collection":[{"href":"https:\/\/studiomenla.ch\/index.php\/wp-json\/wp\/v2\/tribe_events"}],"about":[{"href":"https:\/\/studiomenla.ch\/index.php\/wp-json\/wp\/v2\/types\/tribe_events"}],"author":[{"embeddable":true,"href":"https:\/\/studiomenla.ch\/index.php\/wp-json\/wp\/v2\/users\/1"}],"version-history":[{"count":8,"href":"https:\/\/studiomenla.ch\/index.php\/wp-json\/wp\/v2\/tribe_events\/534\/revisions"}],"predecessor-version":[{"id":911,"href":"https:\/\/studiomenla.ch\/index.php\/wp-json\/wp\/v2\/tribe_events\/534\/revisions\/911"}],"wp:featuredmedia":[{"embeddable":true,"href":"https:\/\/studiomenla.ch\/index.php\/wp-json\/wp\/v2\/media\/905"}],"wp:attachment":[{"href":"https:\/\/studiomenla.ch\/index.php\/wp-json\/wp\/v2\/media?parent=534"}],"wp:term":[{"taxonomy":"post_tag","embeddable":true,"href":"https:\/\/studiomenla.ch\/index.php\/wp-json\/wp\/v2\/tags?post=534"},{"taxonomy":"tribe_events_cat","embeddable":true,"href":"https:\/\/studiomenla.ch\/index.php\/wp-json\/wp\/v2\/tribe_events_cat?post=534"}],"curies":[{"name":"wp","href":"https:\/\/api.w.org\/{rel}","templated":true}]}}